{"id":2695,"date":"2023-06-29T14:17:50","date_gmt":"2023-06-29T14:17:50","guid":{"rendered":"https:\/\/treebuilders.eu\/portfolio\/place-des-medias-anvers\/"},"modified":"2023-07-13T09:59:11","modified_gmt":"2023-07-13T09:59:11","slug":"place-des-medias-anvers","status":"publish","type":"portfolio","link":"https:\/\/treebuilders.eu\/fr\/portfolio\/place-des-medias-anvers\/","title":{"rendered":"Place des M\u00e9dias | Anvers"},"content":{"rendered":"<p style=\"text-align: left;\">Partout dans le monde, les villes deviennent plus vertes et plus r\u00e9sistantes \u00e0 l&rsquo;avenir. C&rsquo;est \u00e9galement le cas \u00e0 Anvers, sur la place des M\u00e9dias, o\u00f9 une \u00e9l\u00e9vation a \u00e9t\u00e9 construite au-dessus d&rsquo;un parking souterrain pour planter dix arbres.<\/p>\n<p style=\"text-align: left;\">La place des M\u00e9dias est l&rsquo;une des plus belles places d&rsquo;Anvers et occupe une position centrale dans la ville. Le choix de sur\u00e9lever l\u00e9g\u00e8rement la place s&rsquo;explique par le fait que la capacit\u00e9 de croissance des racines de tous les arbres a pu \u00eatre port\u00e9e \u00e0 436 m\u00e8tres cubes. C&rsquo;est l\u00e0 que les racines peuvent se d\u00e9velopper librement et qu&rsquo;elles peuvent absorber l&rsquo;eau, l&rsquo;oxyg\u00e8ne et les nutriments.<\/p>\n<p style=\"text-align: left;\">Une caract\u00e9ristique particuli\u00e8re de ce projet est que l&rsquo;eau de pluie est dirig\u00e9e vers les arbres par des goutti\u00e8res. Il s&rsquo;agit d&rsquo;une solution durable et naturelle pour l&rsquo;arrosage des arbres.<\/p>\n<p style=\"text-align: left;\">\n<p><img decoding=\"async\" src=\"https:\/\/www.treebuilders.eu\/site\/assets\/files\/1456\/img_20220111_110925-2.jpg\" alt=\"img_20220111_110925-2.jpg\" width=\"1200\"><img decoding=\"async\" src=\"https:\/\/www.treebuilders.eu\/site\/assets\/files\/1456\/img_20220111_093629.jpg\" alt=\"img_20220111_093629.jpg\" width=\"1200\"><\/p>\n<p>&nbsp;<\/p>\n<p><img decoding=\"async\" src=\"https:\/\/www.treebuilders.eu\/site\/assets\/files\/1456\/img_20220225_083238-1.jpg\" alt=\"img_20220225_083238-1.jpg\" width=\"1200\"><\/p>\n<p>&nbsp;<\/p>\n<p><img decoding=\"async\" src=\"https:\/\/www.treebuilders.eu\/site\/assets\/files\/1456\/img_20220622_085756.jpg\" alt=\"img_20220622_085756.jpg\" width=\"1200\"><\/p>\n<p>&nbsp;<\/p>\n<p><img decoding=\"async\" src=\"https:\/\/www.treebuilders.eu\/site\/assets\/files\/1456\/mediap_3-1.jpg\" alt=\"mediap_3-1.jpg\" width=\"1200\"><\/p>\n<p>&nbsp;<\/p>\n<p><img decoding=\"async\" src=\"https:\/\/www.treebuilders.eu\/site\/assets\/files\/1456\/me9a34_1.jpg\" alt=\"me9a34_1.jpg\" width=\"1200\"><\/p>\n<p>&nbsp;<\/p>\n<p><img decoding=\"async\" src=\"https:\/\/www.treebuilders.eu\/site\/assets\/files\/1456\/me4e35_1.jpg\" alt=\"me4e35_1.jpg\" width=\"1200\"><\/p>\n","protected":false},"featured_media":1417,"menu_order":151,"template":"","portfolio-category":[173,151],"portfolio-tag":[],"portfolio-tool":[],"class_list":["post-2695","portfolio","type-portfolio","status-publish","has-post-thumbnail","hentry","portfolio-category-belgique","portfolio-category-etudes-de-cas"],"yoast_head":"<!-- This site is optimized with the Yoast SEO plugin v27.3 - https:\/\/yoast.com\/product\/yoast-seo-wordpress\/ -->\n<title>Place des M\u00e9dias | Anvers - TreeBuilders<\/title>\n<meta name=\"description\" content=\"\u00c0 Anvers, sur la Place des M\u00e9dias, une \u00e9l\u00e9vation a \u00e9t\u00e9 construite au-dessus d&#039;un parking souterrain pour planter dix arbres avec le syst\u00e8me TreeParker.\" \/>\n<meta name=\"robots\" content=\"index, follow, max-snippet:-1, max-image-preview:large, max-video-preview:-1\" \/>\n<link rel=\"canonical\" href=\"https:\/\/treebuilders.eu\/fr\/portfolio\/place-des-medias-anvers\/\" \/>\n<meta property=\"og:locale\" content=\"fr_FR\" \/>\n<meta property=\"og:type\" content=\"article\" \/>\n<meta property=\"og:title\" content=\"Place des M\u00e9dias | Anvers - TreeBuilders\" \/>\n<meta property=\"og:description\" content=\"\u00c0 Anvers, sur la Place des M\u00e9dias, une \u00e9l\u00e9vation a \u00e9t\u00e9 construite au-dessus d&#039;un parking souterrain pour planter dix arbres avec le syst\u00e8me TreeParker.\" \/>\n<meta property=\"og:url\" content=\"https:\/\/treebuilders.eu\/fr\/portfolio\/place-des-medias-anvers\/\" \/>\n<meta property=\"og:site_name\" content=\"TreeBuilders\" \/>\n<meta property=\"article:publisher\" content=\"https:\/\/www.facebook.com\/profile.php?id=100089805041700\" \/>\n<meta property=\"article:modified_time\" content=\"2023-07-13T09:59:11+00:00\" \/>\n<meta property=\"og:image\" content=\"https:\/\/treebuilders.eu\/wp-content\/uploads\/2023\/06\/Mediaplein-Antwerpen.png\" \/>\n\t<meta property=\"og:image:width\" content=\"1020\" \/>\n\t<meta property=\"og:image:height\" content=\"700\" \/>\n\t<meta property=\"og:image:type\" content=\"image\/png\" \/>\n<meta name=\"twitter:card\" content=\"summary_large_image\" \/>\n<meta name=\"twitter:label1\" content=\"Dur\u00e9e de lecture estim\u00e9e\" \/>\n\t<meta name=\"twitter:data1\" content=\"1 minute\" \/>\n<script type=\"application\/ld+json\" class=\"yoast-schema-graph\">{\"@context\":\"https:\\\/\\\/schema.org\",\"@graph\":[{\"@type\":\"WebPage\",\"@id\":\"https:\\\/\\\/treebuilders.eu\\\/fr\\\/portfolio\\\/place-des-medias-anvers\\\/\",\"url\":\"https:\\\/\\\/treebuilders.eu\\\/fr\\\/portfolio\\\/place-des-medias-anvers\\\/\",\"name\":\"Place des M\u00e9dias | Anvers - TreeBuilders\",\"isPartOf\":{\"@id\":\"https:\\\/\\\/treebuilders.eu\\\/fr\\\/#website\"},\"primaryImageOfPage\":{\"@id\":\"https:\\\/\\\/treebuilders.eu\\\/fr\\\/portfolio\\\/place-des-medias-anvers\\\/#primaryimage\"},\"image\":{\"@id\":\"https:\\\/\\\/treebuilders.eu\\\/fr\\\/portfolio\\\/place-des-medias-anvers\\\/#primaryimage\"},\"thumbnailUrl\":\"https:\\\/\\\/treebuilders.eu\\\/wp-content\\\/uploads\\\/2023\\\/06\\\/Mediaplein-Antwerpen.png\",\"datePublished\":\"2023-06-29T14:17:50+00:00\",\"dateModified\":\"2023-07-13T09:59:11+00:00\",\"description\":\"\u00c0 Anvers, sur la Place des M\u00e9dias, une \u00e9l\u00e9vation a \u00e9t\u00e9 construite au-dessus d'un parking souterrain pour planter dix arbres avec le syst\u00e8me TreeParker.\",\"breadcrumb\":{\"@id\":\"https:\\\/\\\/treebuilders.eu\\\/fr\\\/portfolio\\\/place-des-medias-anvers\\\/#breadcrumb\"},\"inLanguage\":\"fr-FR\",\"potentialAction\":[{\"@type\":\"ReadAction\",\"target\":[\"https:\\\/\\\/treebuilders.eu\\\/fr\\\/portfolio\\\/place-des-medias-anvers\\\/\"]}]},{\"@type\":\"ImageObject\",\"inLanguage\":\"fr-FR\",\"@id\":\"https:\\\/\\\/treebuilders.eu\\\/fr\\\/portfolio\\\/place-des-medias-anvers\\\/#primaryimage\",\"url\":\"https:\\\/\\\/treebuilders.eu\\\/wp-content\\\/uploads\\\/2023\\\/06\\\/Mediaplein-Antwerpen.png\",\"contentUrl\":\"https:\\\/\\\/treebuilders.eu\\\/wp-content\\\/uploads\\\/2023\\\/06\\\/Mediaplein-Antwerpen.png\",\"width\":1020,\"height\":700,\"caption\":\"Mediaplein, Antwerpen\"},{\"@type\":\"BreadcrumbList\",\"@id\":\"https:\\\/\\\/treebuilders.eu\\\/fr\\\/portfolio\\\/place-des-medias-anvers\\\/#breadcrumb\",\"itemListElement\":[{\"@type\":\"ListItem\",\"position\":1,\"name\":\"Home\",\"item\":\"https:\\\/\\\/treebuilders.eu\\\/fr\\\/\"},{\"@type\":\"ListItem\",\"position\":2,\"name\":\"Place des M\u00e9dias | Anvers\"}]},{\"@type\":\"WebSite\",\"@id\":\"https:\\\/\\\/treebuilders.eu\\\/fr\\\/#website\",\"url\":\"https:\\\/\\\/treebuilders.eu\\\/fr\\\/\",\"name\":\"TreeBuilders\",\"description\":\"Creating cities to live in.\",\"publisher\":{\"@id\":\"https:\\\/\\\/treebuilders.eu\\\/fr\\\/#organization\"},\"potentialAction\":[{\"@type\":\"SearchAction\",\"target\":{\"@type\":\"EntryPoint\",\"urlTemplate\":\"https:\\\/\\\/treebuilders.eu\\\/fr\\\/?s={search_term_string}\"},\"query-input\":{\"@type\":\"PropertyValueSpecification\",\"valueRequired\":true,\"valueName\":\"search_term_string\"}}],\"inLanguage\":\"fr-FR\"},{\"@type\":\"Organization\",\"@id\":\"https:\\\/\\\/treebuilders.eu\\\/fr\\\/#organization\",\"name\":\"TreeBuilders\",\"url\":\"https:\\\/\\\/treebuilders.eu\\\/fr\\\/\",\"logo\":{\"@type\":\"ImageObject\",\"inLanguage\":\"fr-FR\",\"@id\":\"https:\\\/\\\/treebuilders.eu\\\/fr\\\/#\\\/schema\\\/logo\\\/image\\\/\",\"url\":\"https:\\\/\\\/treebuilders.eu\\\/wp-content\\\/uploads\\\/2023\\\/07\\\/TreeBuilders-logo.png\",\"contentUrl\":\"https:\\\/\\\/treebuilders.eu\\\/wp-content\\\/uploads\\\/2023\\\/07\\\/TreeBuilders-logo.png\",\"width\":984,\"height\":1075,\"caption\":\"TreeBuilders\"},\"image\":{\"@id\":\"https:\\\/\\\/treebuilders.eu\\\/fr\\\/#\\\/schema\\\/logo\\\/image\\\/\"},\"sameAs\":[\"https:\\\/\\\/www.facebook.com\\\/profile.php?id=100089805041700\",\"https:\\\/\\\/www.linkedin.com\\\/company\\\/treebuilders\\\/\",\"https:\\\/\\\/www.instagram.com\\\/treebuilders.eu\\\/\",\"https:\\\/\\\/www.youtube.com\\\/channel\\\/UCklfVVzLZ53h-J5yrofPQ2g?app=desktop\"]}]}<\/script>\n<!-- \/ Yoast SEO plugin. -->","yoast_head_json":{"title":"Place des M\u00e9dias | Anvers - TreeBuilders","description":"\u00c0 Anvers, sur la Place des M\u00e9dias, une \u00e9l\u00e9vation a \u00e9t\u00e9 construite au-dessus d'un parking souterrain pour planter dix arbres avec le syst\u00e8me TreeParker.","robots":{"index":"index","follow":"follow","max-snippet":"max-snippet:-1","max-image-preview":"max-image-preview:large","max-video-preview":"max-video-preview:-1"},"canonical":"https:\/\/treebuilders.eu\/fr\/portfolio\/place-des-medias-anvers\/","og_locale":"fr_FR","og_type":"article","og_title":"Place des M\u00e9dias | Anvers - TreeBuilders","og_description":"\u00c0 Anvers, sur la Place des M\u00e9dias, une \u00e9l\u00e9vation a \u00e9t\u00e9 construite au-dessus d'un parking souterrain pour planter dix arbres avec le syst\u00e8me TreeParker.","og_url":"https:\/\/treebuilders.eu\/fr\/portfolio\/place-des-medias-anvers\/","og_site_name":"TreeBuilders","article_publisher":"https:\/\/www.facebook.com\/profile.php?id=100089805041700","article_modified_time":"2023-07-13T09:59:11+00:00","og_image":[{"width":1020,"height":700,"url":"https:\/\/treebuilders.eu\/wp-content\/uploads\/2023\/06\/Mediaplein-Antwerpen.png","type":"image\/png"}],"twitter_card":"summary_large_image","twitter_misc":{"Dur\u00e9e de lecture estim\u00e9e":"1 minute"},"schema":{"@context":"https:\/\/schema.org","@graph":[{"@type":"WebPage","@id":"https:\/\/treebuilders.eu\/fr\/portfolio\/place-des-medias-anvers\/","url":"https:\/\/treebuilders.eu\/fr\/portfolio\/place-des-medias-anvers\/","name":"Place des M\u00e9dias | Anvers - TreeBuilders","isPartOf":{"@id":"https:\/\/treebuilders.eu\/fr\/#website"},"primaryImageOfPage":{"@id":"https:\/\/treebuilders.eu\/fr\/portfolio\/place-des-medias-anvers\/#primaryimage"},"image":{"@id":"https:\/\/treebuilders.eu\/fr\/portfolio\/place-des-medias-anvers\/#primaryimage"},"thumbnailUrl":"https:\/\/treebuilders.eu\/wp-content\/uploads\/2023\/06\/Mediaplein-Antwerpen.png","datePublished":"2023-06-29T14:17:50+00:00","dateModified":"2023-07-13T09:59:11+00:00","description":"\u00c0 Anvers, sur la Place des M\u00e9dias, une \u00e9l\u00e9vation a \u00e9t\u00e9 construite au-dessus d'un parking souterrain pour planter dix arbres avec le syst\u00e8me TreeParker.","breadcrumb":{"@id":"https:\/\/treebuilders.eu\/fr\/portfolio\/place-des-medias-anvers\/#breadcrumb"},"inLanguage":"fr-FR","potentialAction":[{"@type":"ReadAction","target":["https:\/\/treebuilders.eu\/fr\/portfolio\/place-des-medias-anvers\/"]}]},{"@type":"ImageObject","inLanguage":"fr-FR","@id":"https:\/\/treebuilders.eu\/fr\/portfolio\/place-des-medias-anvers\/#primaryimage","url":"https:\/\/treebuilders.eu\/wp-content\/uploads\/2023\/06\/Mediaplein-Antwerpen.png","contentUrl":"https:\/\/treebuilders.eu\/wp-content\/uploads\/2023\/06\/Mediaplein-Antwerpen.png","width":1020,"height":700,"caption":"Mediaplein, Antwerpen"},{"@type":"BreadcrumbList","@id":"https:\/\/treebuilders.eu\/fr\/portfolio\/place-des-medias-anvers\/#breadcrumb","itemListElement":[{"@type":"ListItem","position":1,"name":"Home","item":"https:\/\/treebuilders.eu\/fr\/"},{"@type":"ListItem","position":2,"name":"Place des M\u00e9dias | Anvers"}]},{"@type":"WebSite","@id":"https:\/\/treebuilders.eu\/fr\/#website","url":"https:\/\/treebuilders.eu\/fr\/","name":"TreeBuilders","description":"Creating cities to live in.","publisher":{"@id":"https:\/\/treebuilders.eu\/fr\/#organization"},"potentialAction":[{"@type":"SearchAction","target":{"@type":"EntryPoint","urlTemplate":"https:\/\/treebuilders.eu\/fr\/?s={search_term_string}"},"query-input":{"@type":"PropertyValueSpecification","valueRequired":true,"valueName":"search_term_string"}}],"inLanguage":"fr-FR"},{"@type":"Organization","@id":"https:\/\/treebuilders.eu\/fr\/#organization","name":"TreeBuilders","url":"https:\/\/treebuilders.eu\/fr\/","logo":{"@type":"ImageObject","inLanguage":"fr-FR","@id":"https:\/\/treebuilders.eu\/fr\/#\/schema\/logo\/image\/","url":"https:\/\/treebuilders.eu\/wp-content\/uploads\/2023\/07\/TreeBuilders-logo.png","contentUrl":"https:\/\/treebuilders.eu\/wp-content\/uploads\/2023\/07\/TreeBuilders-logo.png","width":984,"height":1075,"caption":"TreeBuilders"},"image":{"@id":"https:\/\/treebuilders.eu\/fr\/#\/schema\/logo\/image\/"},"sameAs":["https:\/\/www.facebook.com\/profile.php?id=100089805041700","https:\/\/www.linkedin.com\/company\/treebuilders\/","https:\/\/www.instagram.com\/treebuilders.eu\/","https:\/\/www.youtube.com\/channel\/UCklfVVzLZ53h-J5yrofPQ2g?app=desktop"]}]}},"_links":{"self":[{"href":"https:\/\/treebuilders.eu\/fr\/wp-json\/wp\/v2\/portfolio\/2695","targetHints":{"allow":["GET"]}}],"collection":[{"href":"https:\/\/treebuilders.eu\/fr\/wp-json\/wp\/v2\/portfolio"}],"about":[{"href":"https:\/\/treebuilders.eu\/fr\/wp-json\/wp\/v2\/types\/portfolio"}],"version-history":[{"count":1,"href":"https:\/\/treebuilders.eu\/fr\/wp-json\/wp\/v2\/portfolio\/2695\/revisions"}],"predecessor-version":[{"id":2696,"href":"https:\/\/treebuilders.eu\/fr\/wp-json\/wp\/v2\/portfolio\/2695\/revisions\/2696"}],"wp:featuredmedia":[{"embeddable":true,"href":"https:\/\/treebuilders.eu\/fr\/wp-json\/wp\/v2\/media\/1417"}],"wp:attachment":[{"href":"https:\/\/treebuilders.eu\/fr\/wp-json\/wp\/v2\/media?parent=2695"}],"wp:term":[{"taxonomy":"portfolio-category","embeddable":true,"href":"https:\/\/treebuilders.eu\/fr\/wp-json\/wp\/v2\/portfolio-category?post=2695"},{"taxonomy":"portfolio-tag","embeddable":true,"href":"https:\/\/treebuilders.eu\/fr\/wp-json\/wp\/v2\/portfolio-tag?post=2695"},{"taxonomy":"portfolio-tool","embeddable":true,"href":"https:\/\/treebuilders.eu\/fr\/wp-json\/wp\/v2\/portfolio-tool?post=2695"}],"curies":[{"name":"wp","href":"https:\/\/api.w.org\/{rel}","templated":true}]}}