{"id":2697,"date":"2023-06-29T14:23:10","date_gmt":"2023-06-29T14:23:10","guid":{"rendered":"https:\/\/treebuilders.eu\/portfolio\/place-du-village-massemen\/"},"modified":"2023-06-29T14:23:10","modified_gmt":"2023-06-29T14:23:10","slug":"place-du-village-massemen","status":"publish","type":"portfolio","link":"https:\/\/treebuilders.eu\/fr\/portfolio\/place-du-village-massemen\/","title":{"rendered":"Place du Village | Massemen"},"content":{"rendered":"<p style=\"text-align: left;\">Sur la place du village du petit village flamand de Massemen (commune de Wetteren) se trouve un tilleul centenaire, \u00e9galement appel\u00e9 le &#8217;tilleul du village&rsquo;. L&rsquo;\u00e2ge de l&rsquo;arbre est estim\u00e9 \u00e0 450 ans. En 2016, cet arbre unique a \u00e9t\u00e9 couronn\u00e9 &lsquo;Arbre de l&rsquo;ann\u00e9e&rsquo;. Un arbre centenaire est unique et irrempla\u00e7able, c&rsquo;est pourquoi il re\u00e7oit depuis lors des soins et une attention suppl\u00e9mentaires. L&rsquo;arbre ne contribue pas seulement \u00e0 la valeur esth\u00e9tique de la place, mais favorise \u00e9galement la coh\u00e9sion sociale et offre, par rapport aux jeunes arbres, des avantages climatiques consid\u00e9rables.<\/p>\n<p style=\"text-align: left;\">\n<p style=\"text-align: left;\"><strong>Espace pour grandir pour le tilleul centenaire<\/strong><\/p>\n<p style=\"text-align: left;\">Au cours de l&rsquo;enqu\u00eate souterraine, il s&rsquo;est av\u00e9r\u00e9 que le lieu de croissance et l&rsquo;enracinement \u00e9taient un goulot d&rsquo;\u00e9tranglement pour la sant\u00e9 du tilleul v\u00e9t\u00e9ran. L&rsquo;arbre n&rsquo;avait \u00e0 peine que 40 m\u00b3 d&rsquo;espace en terre fortement compact\u00e9e, pauvre et pauvre en nutriments, alors qu&rsquo;il avait besoin d&rsquo;au moins 100 m\u00b3 d&rsquo;espace racinaire. Le syst\u00e8me TreeParker a \u00e9t\u00e9 utilis\u00e9 pour donner \u00e0 cet arbre historique l&rsquo;espace de croissance n\u00e9cessaire. De cette fa\u00e7on, le magnifique tilleul est devenu r\u00e9sistant \u00e0 l&rsquo;avenir et durera encore des g\u00e9n\u00e9rations.<\/p>\n<p style=\"text-align: left;\">\n<p><img decoding=\"async\" src=\"https:\/\/www.treebuilders.eu\/site\/assets\/files\/1482\/honeyview_image00049_lr.702x0-is.jpg\" alt=\"\" width=\"702\"><\/p>\n<p><img decoding=\"async\" src=\"https:\/\/www.treebuilders.eu\/site\/assets\/files\/1482\/image00024_lr.702x0-is.jpg\" alt=\"\" width=\"702\"><\/p>\n<p><img decoding=\"async\" src=\"https:\/\/www.treebuilders.eu\/site\/assets\/files\/1482\/image00030_lr.702x0-is.jpg\" alt=\"\" width=\"702\"><\/p>\n<p><img decoding=\"async\" src=\"https:\/\/www.treebuilders.eu\/site\/assets\/files\/1482\/image00032_lr.702x0-is.jpg\" alt=\"\" width=\"702\"><\/p>\n<p><img decoding=\"async\" src=\"https:\/\/www.treebuilders.eu\/site\/assets\/files\/1482\/image00033_lr.702x0-is.jpg\" alt=\"\" width=\"702\"><\/p>\n<p><img decoding=\"async\" src=\"https:\/\/www.treebuilders.eu\/site\/assets\/files\/1482\/image00042_lr.702x0-is.jpg\" alt=\"\" width=\"702\"><\/p>\n<p><img decoding=\"async\" src=\"https:\/\/www.treebuilders.eu\/site\/assets\/files\/1482\/image00045_lr.702x0-is.jpg\" alt=\"\" width=\"702\"><\/p>\n<p><img decoding=\"async\" src=\"https:\/\/www.treebuilders.eu\/site\/assets\/files\/1482\/lindeboom_gemeente_wetteren.702x0-is.jpg\" alt=\"\" width=\"702\"><\/p>\n<p><img decoding=\"async\" src=\"https:\/\/www.treebuilders.eu\/site\/assets\/files\/1482\/lindeboom_massemen_treeparker.702x0-is.jpg\" alt=\"\" width=\"702\"><\/p>\n<p><img decoding=\"async\" src=\"https:\/\/www.treebuilders.eu\/site\/assets\/files\/1482\/lindeboom_massemen.702x0-is.jpg\" alt=\"\" width=\"702\"><\/p>\n<p style=\"text-align: left;\"><em><strong>Photos<\/strong> : commune de Wetteren &amp; Landmax<\/em><\/p>\n","protected":false},"featured_media":1425,"menu_order":149,"template":"","portfolio-category":[173,151],"portfolio-tag":[],"portfolio-tool":[],"class_list":["post-2697","portfolio","type-portfolio","status-publish","has-post-thumbnail","hentry","portfolio-category-belgique","portfolio-category-etudes-de-cas"],"yoast_head":"<!-- This site is optimized with the Yoast SEO plugin v27.3 - https:\/\/yoast.com\/product\/yoast-seo-wordpress\/ -->\n<title>Place du Village | Massemen - TreeBuilders<\/title>\n<meta name=\"description\" content=\"Dans le village flamand de Massemen, il y a un vieux tilleul de 450 ans qui a \u00e9t\u00e9 prot\u00e9g\u00e9 par TreeParker.\" \/>\n<meta name=\"robots\" content=\"index, follow, max-snippet:-1, max-image-preview:large, max-video-preview:-1\" \/>\n<link rel=\"canonical\" href=\"https:\/\/treebuilders.eu\/fr\/portfolio\/place-du-village-massemen\/\" \/>\n<meta property=\"og:locale\" content=\"fr_FR\" \/>\n<meta property=\"og:type\" content=\"article\" \/>\n<meta property=\"og:title\" content=\"Place du Village | Massemen - TreeBuilders\" \/>\n<meta property=\"og:description\" content=\"Dans le village flamand de Massemen, il y a un vieux tilleul de 450 ans qui a \u00e9t\u00e9 prot\u00e9g\u00e9 par TreeParker.\" \/>\n<meta property=\"og:url\" content=\"https:\/\/treebuilders.eu\/fr\/portfolio\/place-du-village-massemen\/\" \/>\n<meta property=\"og:site_name\" content=\"TreeBuilders\" \/>\n<meta property=\"article:publisher\" content=\"https:\/\/www.facebook.com\/profile.php?id=100089805041700\" \/>\n<meta property=\"og:image\" content=\"https:\/\/treebuilders.eu\/wp-content\/uploads\/2023\/06\/Dorpsplein-Massemen.png\" \/>\n\t<meta property=\"og:image:width\" content=\"1020\" \/>\n\t<meta property=\"og:image:height\" content=\"700\" \/>\n\t<meta property=\"og:image:type\" content=\"image\/png\" \/>\n<meta name=\"twitter:card\" content=\"summary_large_image\" \/>\n<meta name=\"twitter:label1\" content=\"Dur\u00e9e de lecture estim\u00e9e\" \/>\n\t<meta name=\"twitter:data1\" content=\"1 minute\" \/>\n<script type=\"application\/ld+json\" class=\"yoast-schema-graph\">{\"@context\":\"https:\\\/\\\/schema.org\",\"@graph\":[{\"@type\":\"WebPage\",\"@id\":\"https:\\\/\\\/treebuilders.eu\\\/fr\\\/portfolio\\\/place-du-village-massemen\\\/\",\"url\":\"https:\\\/\\\/treebuilders.eu\\\/fr\\\/portfolio\\\/place-du-village-massemen\\\/\",\"name\":\"Place du Village | Massemen - TreeBuilders\",\"isPartOf\":{\"@id\":\"https:\\\/\\\/treebuilders.eu\\\/fr\\\/#website\"},\"primaryImageOfPage\":{\"@id\":\"https:\\\/\\\/treebuilders.eu\\\/fr\\\/portfolio\\\/place-du-village-massemen\\\/#primaryimage\"},\"image\":{\"@id\":\"https:\\\/\\\/treebuilders.eu\\\/fr\\\/portfolio\\\/place-du-village-massemen\\\/#primaryimage\"},\"thumbnailUrl\":\"https:\\\/\\\/treebuilders.eu\\\/wp-content\\\/uploads\\\/2023\\\/06\\\/Dorpsplein-Massemen.png\",\"datePublished\":\"2023-06-29T14:23:10+00:00\",\"description\":\"Dans le village flamand de Massemen, il y a un vieux tilleul de 450 ans qui a \u00e9t\u00e9 prot\u00e9g\u00e9 par TreeParker.\",\"breadcrumb\":{\"@id\":\"https:\\\/\\\/treebuilders.eu\\\/fr\\\/portfolio\\\/place-du-village-massemen\\\/#breadcrumb\"},\"inLanguage\":\"fr-FR\",\"potentialAction\":[{\"@type\":\"ReadAction\",\"target\":[\"https:\\\/\\\/treebuilders.eu\\\/fr\\\/portfolio\\\/place-du-village-massemen\\\/\"]}]},{\"@type\":\"ImageObject\",\"inLanguage\":\"fr-FR\",\"@id\":\"https:\\\/\\\/treebuilders.eu\\\/fr\\\/portfolio\\\/place-du-village-massemen\\\/#primaryimage\",\"url\":\"https:\\\/\\\/treebuilders.eu\\\/wp-content\\\/uploads\\\/2023\\\/06\\\/Dorpsplein-Massemen.png\",\"contentUrl\":\"https:\\\/\\\/treebuilders.eu\\\/wp-content\\\/uploads\\\/2023\\\/06\\\/Dorpsplein-Massemen.png\",\"width\":1020,\"height\":700,\"caption\":\"Dorpsplein, Massemen\"},{\"@type\":\"BreadcrumbList\",\"@id\":\"https:\\\/\\\/treebuilders.eu\\\/fr\\\/portfolio\\\/place-du-village-massemen\\\/#breadcrumb\",\"itemListElement\":[{\"@type\":\"ListItem\",\"position\":1,\"name\":\"Home\",\"item\":\"https:\\\/\\\/treebuilders.eu\\\/fr\\\/\"},{\"@type\":\"ListItem\",\"position\":2,\"name\":\"Place du Village | Massemen\"}]},{\"@type\":\"WebSite\",\"@id\":\"https:\\\/\\\/treebuilders.eu\\\/fr\\\/#website\",\"url\":\"https:\\\/\\\/treebuilders.eu\\\/fr\\\/\",\"name\":\"TreeBuilders\",\"description\":\"Creating cities to live in.\",\"publisher\":{\"@id\":\"https:\\\/\\\/treebuilders.eu\\\/fr\\\/#organization\"},\"potentialAction\":[{\"@type\":\"SearchAction\",\"target\":{\"@type\":\"EntryPoint\",\"urlTemplate\":\"https:\\\/\\\/treebuilders.eu\\\/fr\\\/?s={search_term_string}\"},\"query-input\":{\"@type\":\"PropertyValueSpecification\",\"valueRequired\":true,\"valueName\":\"search_term_string\"}}],\"inLanguage\":\"fr-FR\"},{\"@type\":\"Organization\",\"@id\":\"https:\\\/\\\/treebuilders.eu\\\/fr\\\/#organization\",\"name\":\"TreeBuilders\",\"url\":\"https:\\\/\\\/treebuilders.eu\\\/fr\\\/\",\"logo\":{\"@type\":\"ImageObject\",\"inLanguage\":\"fr-FR\",\"@id\":\"https:\\\/\\\/treebuilders.eu\\\/fr\\\/#\\\/schema\\\/logo\\\/image\\\/\",\"url\":\"https:\\\/\\\/treebuilders.eu\\\/wp-content\\\/uploads\\\/2023\\\/07\\\/TreeBuilders-logo.png\",\"contentUrl\":\"https:\\\/\\\/treebuilders.eu\\\/wp-content\\\/uploads\\\/2023\\\/07\\\/TreeBuilders-logo.png\",\"width\":984,\"height\":1075,\"caption\":\"TreeBuilders\"},\"image\":{\"@id\":\"https:\\\/\\\/treebuilders.eu\\\/fr\\\/#\\\/schema\\\/logo\\\/image\\\/\"},\"sameAs\":[\"https:\\\/\\\/www.facebook.com\\\/profile.php?id=100089805041700\",\"https:\\\/\\\/www.linkedin.com\\\/company\\\/treebuilders\\\/\",\"https:\\\/\\\/www.instagram.com\\\/treebuilders.eu\\\/\",\"https:\\\/\\\/www.youtube.com\\\/channel\\\/UCklfVVzLZ53h-J5yrofPQ2g?app=desktop\"]}]}<\/script>\n<!-- \/ Yoast SEO plugin. -->","yoast_head_json":{"title":"Place du Village | Massemen - TreeBuilders","description":"Dans le village flamand de Massemen, il y a un vieux tilleul de 450 ans qui a \u00e9t\u00e9 prot\u00e9g\u00e9 par TreeParker.","robots":{"index":"index","follow":"follow","max-snippet":"max-snippet:-1","max-image-preview":"max-image-preview:large","max-video-preview":"max-video-preview:-1"},"canonical":"https:\/\/treebuilders.eu\/fr\/portfolio\/place-du-village-massemen\/","og_locale":"fr_FR","og_type":"article","og_title":"Place du Village | Massemen - TreeBuilders","og_description":"Dans le village flamand de Massemen, il y a un vieux tilleul de 450 ans qui a \u00e9t\u00e9 prot\u00e9g\u00e9 par TreeParker.","og_url":"https:\/\/treebuilders.eu\/fr\/portfolio\/place-du-village-massemen\/","og_site_name":"TreeBuilders","article_publisher":"https:\/\/www.facebook.com\/profile.php?id=100089805041700","og_image":[{"width":1020,"height":700,"url":"https:\/\/treebuilders.eu\/wp-content\/uploads\/2023\/06\/Dorpsplein-Massemen.png","type":"image\/png"}],"twitter_card":"summary_large_image","twitter_misc":{"Dur\u00e9e de lecture estim\u00e9e":"1 minute"},"schema":{"@context":"https:\/\/schema.org","@graph":[{"@type":"WebPage","@id":"https:\/\/treebuilders.eu\/fr\/portfolio\/place-du-village-massemen\/","url":"https:\/\/treebuilders.eu\/fr\/portfolio\/place-du-village-massemen\/","name":"Place du Village | Massemen - TreeBuilders","isPartOf":{"@id":"https:\/\/treebuilders.eu\/fr\/#website"},"primaryImageOfPage":{"@id":"https:\/\/treebuilders.eu\/fr\/portfolio\/place-du-village-massemen\/#primaryimage"},"image":{"@id":"https:\/\/treebuilders.eu\/fr\/portfolio\/place-du-village-massemen\/#primaryimage"},"thumbnailUrl":"https:\/\/treebuilders.eu\/wp-content\/uploads\/2023\/06\/Dorpsplein-Massemen.png","datePublished":"2023-06-29T14:23:10+00:00","description":"Dans le village flamand de Massemen, il y a un vieux tilleul de 450 ans qui a \u00e9t\u00e9 prot\u00e9g\u00e9 par TreeParker.","breadcrumb":{"@id":"https:\/\/treebuilders.eu\/fr\/portfolio\/place-du-village-massemen\/#breadcrumb"},"inLanguage":"fr-FR","potentialAction":[{"@type":"ReadAction","target":["https:\/\/treebuilders.eu\/fr\/portfolio\/place-du-village-massemen\/"]}]},{"@type":"ImageObject","inLanguage":"fr-FR","@id":"https:\/\/treebuilders.eu\/fr\/portfolio\/place-du-village-massemen\/#primaryimage","url":"https:\/\/treebuilders.eu\/wp-content\/uploads\/2023\/06\/Dorpsplein-Massemen.png","contentUrl":"https:\/\/treebuilders.eu\/wp-content\/uploads\/2023\/06\/Dorpsplein-Massemen.png","width":1020,"height":700,"caption":"Dorpsplein, Massemen"},{"@type":"BreadcrumbList","@id":"https:\/\/treebuilders.eu\/fr\/portfolio\/place-du-village-massemen\/#breadcrumb","itemListElement":[{"@type":"ListItem","position":1,"name":"Home","item":"https:\/\/treebuilders.eu\/fr\/"},{"@type":"ListItem","position":2,"name":"Place du Village | Massemen"}]},{"@type":"WebSite","@id":"https:\/\/treebuilders.eu\/fr\/#website","url":"https:\/\/treebuilders.eu\/fr\/","name":"TreeBuilders","description":"Creating cities to live in.","publisher":{"@id":"https:\/\/treebuilders.eu\/fr\/#organization"},"potentialAction":[{"@type":"SearchAction","target":{"@type":"EntryPoint","urlTemplate":"https:\/\/treebuilders.eu\/fr\/?s={search_term_string}"},"query-input":{"@type":"PropertyValueSpecification","valueRequired":true,"valueName":"search_term_string"}}],"inLanguage":"fr-FR"},{"@type":"Organization","@id":"https:\/\/treebuilders.eu\/fr\/#organization","name":"TreeBuilders","url":"https:\/\/treebuilders.eu\/fr\/","logo":{"@type":"ImageObject","inLanguage":"fr-FR","@id":"https:\/\/treebuilders.eu\/fr\/#\/schema\/logo\/image\/","url":"https:\/\/treebuilders.eu\/wp-content\/uploads\/2023\/07\/TreeBuilders-logo.png","contentUrl":"https:\/\/treebuilders.eu\/wp-content\/uploads\/2023\/07\/TreeBuilders-logo.png","width":984,"height":1075,"caption":"TreeBuilders"},"image":{"@id":"https:\/\/treebuilders.eu\/fr\/#\/schema\/logo\/image\/"},"sameAs":["https:\/\/www.facebook.com\/profile.php?id=100089805041700","https:\/\/www.linkedin.com\/company\/treebuilders\/","https:\/\/www.instagram.com\/treebuilders.eu\/","https:\/\/www.youtube.com\/channel\/UCklfVVzLZ53h-J5yrofPQ2g?app=desktop"]}]}},"_links":{"self":[{"href":"https:\/\/treebuilders.eu\/fr\/wp-json\/wp\/v2\/portfolio\/2697","targetHints":{"allow":["GET"]}}],"collection":[{"href":"https:\/\/treebuilders.eu\/fr\/wp-json\/wp\/v2\/portfolio"}],"about":[{"href":"https:\/\/treebuilders.eu\/fr\/wp-json\/wp\/v2\/types\/portfolio"}],"version-history":[{"count":0,"href":"https:\/\/treebuilders.eu\/fr\/wp-json\/wp\/v2\/portfolio\/2697\/revisions"}],"wp:featuredmedia":[{"embeddable":true,"href":"https:\/\/treebuilders.eu\/fr\/wp-json\/wp\/v2\/media\/1425"}],"wp:attachment":[{"href":"https:\/\/treebuilders.eu\/fr\/wp-json\/wp\/v2\/media?parent=2697"}],"wp:term":[{"taxonomy":"portfolio-category","embeddable":true,"href":"https:\/\/treebuilders.eu\/fr\/wp-json\/wp\/v2\/portfolio-category?post=2697"},{"taxonomy":"portfolio-tag","embeddable":true,"href":"https:\/\/treebuilders.eu\/fr\/wp-json\/wp\/v2\/portfolio-tag?post=2697"},{"taxonomy":"portfolio-tool","embeddable":true,"href":"https:\/\/treebuilders.eu\/fr\/wp-json\/wp\/v2\/portfolio-tool?post=2697"}],"curies":[{"name":"wp","href":"https:\/\/api.w.org\/{rel}","templated":true}]}}